{"id":2766,"date":"2024-07-31T17:25:04","date_gmt":"2024-07-31T17:25:04","guid":{"rendered":"https:\/\/www.europavalgardena.com\/fruehstueck"},"modified":"2024-09-30T17:16:10","modified_gmt":"2024-09-30T17:16:10","slug":"fruehstueck","status":"publish","type":"page","link":"https:\/\/www.europavalgardena.com\/de\/fruehstueck","title":{"rendered":"Fr\u00fchst\u00fcck"},"content":{"rendered":"<p><div class=\"fusion-bg-parallax\" data-bg-align=\"center center\" data-direction=\"left\" data-mute=\"false\" data-opacity=\"100\" data-velocity=\"-1\" data-mobile-enabled=\"false\" data-break_parents=\"0\" data-bg-image=\"https:\/\/www.europavalgardena.com\/wp-content\/uploads\/colazione-buffet-internazionale-hotel-europa-selva-val-gardena-alto-adige-piste-da-sci-famiglie-dolomiti-sport-invernali-estivi-mountain-bike-sciare-montagna-last-minute-shopping.jpg\" data-bg-repeat=\"false\" ><\/div><div class=\"fusion-fullwidth fullwidth-box fusion-builder-row-1 fusion-flex-container has-pattern-background has-mask-background fusion-parallax-left art-cont-img-principale hundred-percent-fullwidth non-hundred-percent-height-scrolling lazyload\" style=\"--awb-border-radius-top-left:0px;--awb-border-radius-top-right:0px;--awb-border-radius-bottom-right:0px;--awb-border-radius-bottom-left:0px;--awb-padding-top:35%;--awb-background-size:cover;--awb-flex-wrap:wrap;\" data-bg=\"https:\/\/www.europavalgardena.com\/wp-content\/uploads\/colazione-buffet-internazionale-hotel-europa-selva-val-gardena-alto-adige-piste-da-sci-famiglie-dolomiti-sport-invernali-estivi-mountain-bike-sciare-montagna-last-minute-shopping.jpg\" ><div class=\"fusion-builder-row fusion-row fusion-flex-align-items-flex-start fusion-flex-content-wrap\" style=\"width:104% !important;max-width:104% !important;margin-left: calc(-4% \/ 2 );margin-right: calc(-4% \/ 2 );\"><div class=\"fusion-layout-column fusion_builder_column fusion-builder-column-0 fusion_builder_column_1_1 1_1 fusion-flex-column\" style=\"--awb-bg-size:cover;--awb-width-large:100%;--awb-margin-top-large:20px;--awb-spacing-right-large:1.92%;--awb-margin-bottom-large:20px;--awb-spacing-left-large:1.92%;--awb-width-medium:100%;--awb-order-medium:0;--awb-spacing-right-medium:1.92%;--awb-spacing-left-medium:1.92%;--awb-width-small:100%;--awb-order-small:0;--awb-spacing-right-small:1.92%;--awb-spacing-left-small:1.92%;\"><div class=\"fusion-column-wrapper fusion-column-has-shadow fusion-flex-justify-content-flex-start fusion-content-layout-column\"><\/div><\/div><\/div><\/div><div class=\"fusion-fullwidth fullwidth-box fusion-builder-row-2 fusion-flex-container has-pattern-background has-mask-background nonhundred-percent-fullwidth non-hundred-percent-height-scrolling\" style=\"--awb-border-radius-top-left:0px;--awb-border-radius-top-right:0px;--awb-border-radius-bottom-right:0px;--awb-border-radius-bottom-left:0px;--awb-flex-wrap:wrap;\" ><div class=\"fusion-builder-row fusion-row fusion-flex-align-items-center fusion-flex-content-wrap\" style=\"max-width:1352px;margin-left: calc(-4% \/ 2 );margin-right: calc(-4% \/ 2 );\"><div class=\"fusion-layout-column fusion_builder_column fusion-builder-column-1 fusion_builder_column_3_5 3_5 fusion-flex-column fusion-animated\" style=\"--awb-bg-position:right bottom;--awb-bg-blend:overlay;--awb-bg-size:cover;--awb-width-large:60%;--awb-margin-top-large:20px;--awb-spacing-right-large:3.2%;--awb-margin-bottom-large:20px;--awb-spacing-left-large:3.2%;--awb-width-medium:100%;--awb-order-medium:0;--awb-spacing-right-medium:1.92%;--awb-spacing-left-medium:1.92%;--awb-width-small:100%;--awb-order-small:0;--awb-spacing-right-small:1.92%;--awb-margin-bottom-small:30p40px;--awb-spacing-left-small:1.92%;\" data-animationType=\"fadeInLeft\" data-animationDuration=\"5.0\" data-animationOffset=\"top-into-view\" data-scroll-devices=\"small-visibility,medium-visibility,large-visibility\"><div class=\"fusion-column-wrapper fusion-column-has-shadow fusion-flex-justify-content-flex-start fusion-content-layout-column\"><div class=\"fusion-text fusion-text-1\"><h4>VERW\u00d6HNEN SIE IHREN START IN DEN TAG<\/h4>\n<h2>Das perfekte Fr\u00fchst\u00fcck erwartet Sie in unserem Hotel<\/h2>\n<\/div><div class=\"fusion-separator\" style=\"align-self: flex-start;margin-right:auto;margin-top:0px;margin-bottom:20px;width:100%;max-width:50px;\"><div class=\"fusion-separator-border sep-single sep-solid\" style=\"--awb-height:20px;--awb-amount:20px;--awb-sep-color:var(--awb-color4);border-color:var(--awb-color4);border-top-width:1px;\"><\/div><\/div><div class=\"fusion-text fusion-text-2\"><p><strong>Unser Fr\u00fchst\u00fcck: Ein perfekter Start in den Tag<\/strong><\/p>\n<p>Im Hotel Europa beginnt jeder Tag mit einem unvergesslichen Fr\u00fchst\u00fcck. Unser Ziel ist es, unseren G\u00e4sten ein kulinarisches Erlebnis zu bieten, das eine perfekte Mischung aus Geschmack, Vielfalt und Qualit\u00e4t darstellt. Unser Fr\u00fchst\u00fcck gibt Ihnen die n\u00f6tige Energie, um Ihren Tag optimal zu beginnen.<\/p>\n<\/div><\/div><\/div><div class=\"fusion-layout-column fusion_builder_column fusion-builder-column-2 fusion_builder_column_2_5 2_5 fusion-flex-column fusion-animated\" style=\"--awb-bg-position:right bottom;--awb-bg-blend:overlay;--awb-bg-size:cover;--awb-width-large:40%;--awb-margin-top-large:20px;--awb-spacing-right-large:4.8%;--awb-margin-bottom-large:0px;--awb-spacing-left-large:4.8%;--awb-width-medium:100%;--awb-order-medium:0;--awb-spacing-right-medium:1.92%;--awb-spacing-left-medium:1.92%;--awb-width-small:100%;--awb-order-small:0;--awb-spacing-right-small:1.92%;--awb-margin-bottom-small:30p40px;--awb-spacing-left-small:1.92%;\" data-animationType=\"fadeInRight\" data-animationDuration=\"5.0\" data-animationOffset=\"top-into-view\" data-scroll-devices=\"small-visibility,medium-visibility,large-visibility\"><div class=\"fusion-column-wrapper fusion-column-has-shadow fusion-flex-justify-content-flex-start fusion-content-layout-column\"><div class=\"fusion-image-carousel fusion-image-carousel-auto fusion-image-carousel-1\"><div class=\"awb-carousel awb-swiper awb-swiper-carousel\" data-autoplay=\"yes\" data-columns=\"1\" data-itemmargin=\"0\" data-itemwidth=\"180\" data-touchscroll=\"no\" data-imagesize=\"auto\" style=\"--awb-columns:1;--awb-column-spacing:0px;\"><div class=\"swiper-wrapper awb-image-carousel-wrapper fusion-flex-align-items-stretch\"><div class=\"swiper-slide\"><div class=\"fusion-carousel-item-wrapper\"><div class=\"fusion-image-wrapper hover-type-none\"><img decoding=\"async\" width=\"2560\" height=\"1440\" src=\"https:\/\/www.europavalgardena.com\/wp-content\/uploads\/colazione-buffet-internazionale-hotel-europa-selva-val-gardena-alto-adige-piste-da-sci-famiglie-dolomiti-sport-invernali-estivi-mountain-bike-sciare-montagna-last-minute-shopping2.jpg\" class=\"attachment-full size-full lazyload\" alt=\"\" srcset=\"data:image\/svg+xml,%3Csvg%20xmlns%3D%27http%3A%2F%2Fwww.w3.org%2F2000%2Fsvg%27%20width%3D%272560%27%20height%3D%271440%27%20viewBox%3D%270%200%202560%201440%27%3E%3Crect%20width%3D%272560%27%20height%3D%271440%27%20fill-opacity%3D%220%22%2F%3E%3C%2Fsvg%3E\" data-orig-src=\"https:\/\/www.europavalgardena.com\/wp-content\/uploads\/colazione-buffet-internazionale-hotel-europa-selva-val-gardena-alto-adige-piste-da-sci-famiglie-dolomiti-sport-invernali-estivi-mountain-bike-sciare-montagna-last-minute-shopping2.jpg\" data-srcset=\"https:\/\/www.europavalgardena.com\/wp-content\/uploads\/colazione-buffet-internazionale-hotel-europa-selva-val-gardena-alto-adige-piste-da-sci-famiglie-dolomiti-sport-invernali-estivi-mountain-bike-sciare-montagna-last-minute-shopping2-200x113.jpg 200w, https:\/\/www.europavalgardena.com\/wp-content\/uploads\/colazione-buffet-internazionale-hotel-europa-selva-val-gardena-alto-adige-piste-da-sci-famiglie-dolomiti-sport-invernali-estivi-mountain-bike-sciare-montagna-last-minute-shopping2-300x169.jpg 300w, https:\/\/www.europavalgardena.com\/wp-content\/uploads\/colazione-buffet-internazionale-hotel-europa-selva-val-gardena-alto-adige-piste-da-sci-famiglie-dolomiti-sport-invernali-estivi-mountain-bike-sciare-montagna-last-minute-shopping2-400x225.jpg 400w, https:\/\/www.europavalgardena.com\/wp-content\/uploads\/colazione-buffet-internazionale-hotel-europa-selva-val-gardena-alto-adige-piste-da-sci-famiglie-dolomiti-sport-invernali-estivi-mountain-bike-sciare-montagna-last-minute-shopping2-600x338.jpg 600w, https:\/\/www.europavalgardena.com\/wp-content\/uploads\/colazione-buffet-internazionale-hotel-europa-selva-val-gardena-alto-adige-piste-da-sci-famiglie-dolomiti-sport-invernali-estivi-mountain-bike-sciare-montagna-last-minute-shopping2-768x432.jpg 768w, https:\/\/www.europavalgardena.com\/wp-content\/uploads\/colazione-buffet-internazionale-hotel-europa-selva-val-gardena-alto-adige-piste-da-sci-famiglie-dolomiti-sport-invernali-estivi-mountain-bike-sciare-montagna-last-minute-shopping2-800x450.jpg 800w, https:\/\/www.europavalgardena.com\/wp-content\/uploads\/colazione-buffet-internazionale-hotel-europa-selva-val-gardena-alto-adige-piste-da-sci-famiglie-dolomiti-sport-invernali-estivi-mountain-bike-sciare-montagna-last-minute-shopping2-1024x576.jpg 1024w, https:\/\/www.europavalgardena.com\/wp-content\/uploads\/colazione-buffet-internazionale-hotel-europa-selva-val-gardena-alto-adige-piste-da-sci-famiglie-dolomiti-sport-invernali-estivi-mountain-bike-sciare-montagna-last-minute-shopping2-1200x675.jpg 1200w, https:\/\/www.europavalgardena.com\/wp-content\/uploads\/colazione-buffet-internazionale-hotel-europa-selva-val-gardena-alto-adige-piste-da-sci-famiglie-dolomiti-sport-invernali-estivi-mountain-bike-sciare-montagna-last-minute-shopping2-1536x864.jpg 1536w, https:\/\/www.europavalgardena.com\/wp-content\/uploads\/colazione-buffet-internazionale-hotel-europa-selva-val-gardena-alto-adige-piste-da-sci-famiglie-dolomiti-sport-invernali-estivi-mountain-bike-sciare-montagna-last-minute-shopping2.jpg 2560w\" data-sizes=\"auto\" \/><\/div><\/div><\/div><div class=\"swiper-slide\"><div class=\"fusion-carousel-item-wrapper\"><div class=\"fusion-image-wrapper hover-type-none\"><img decoding=\"async\" width=\"2560\" height=\"1440\" src=\"https:\/\/www.europavalgardena.com\/wp-content\/uploads\/colazione-buffet-internazionale-hotel-europa-selva-val-gardena-alto-adige-piste-da-sci-famiglie-dolomiti-sport-invernali-estivi-mountain-bike-sciare-montagna-last-minute-shopping22.jpg\" class=\"attachment-full size-full lazyload\" alt=\"\" srcset=\"data:image\/svg+xml,%3Csvg%20xmlns%3D%27http%3A%2F%2Fwww.w3.org%2F2000%2Fsvg%27%20width%3D%272560%27%20height%3D%271440%27%20viewBox%3D%270%200%202560%201440%27%3E%3Crect%20width%3D%272560%27%20height%3D%271440%27%20fill-opacity%3D%220%22%2F%3E%3C%2Fsvg%3E\" data-orig-src=\"https:\/\/www.europavalgardena.com\/wp-content\/uploads\/colazione-buffet-internazionale-hotel-europa-selva-val-gardena-alto-adige-piste-da-sci-famiglie-dolomiti-sport-invernali-estivi-mountain-bike-sciare-montagna-last-minute-shopping22.jpg\" data-srcset=\"https:\/\/www.europavalgardena.com\/wp-content\/uploads\/colazione-buffet-internazionale-hotel-europa-selva-val-gardena-alto-adige-piste-da-sci-famiglie-dolomiti-sport-invernali-estivi-mountain-bike-sciare-montagna-last-minute-shopping22-200x113.jpg 200w, https:\/\/www.europavalgardena.com\/wp-content\/uploads\/colazione-buffet-internazionale-hotel-europa-selva-val-gardena-alto-adige-piste-da-sci-famiglie-dolomiti-sport-invernali-estivi-mountain-bike-sciare-montagna-last-minute-shopping22-300x169.jpg 300w, https:\/\/www.europavalgardena.com\/wp-content\/uploads\/colazione-buffet-internazionale-hotel-europa-selva-val-gardena-alto-adige-piste-da-sci-famiglie-dolomiti-sport-invernali-estivi-mountain-bike-sciare-montagna-last-minute-shopping22-400x225.jpg 400w, https:\/\/www.europavalgardena.com\/wp-content\/uploads\/colazione-buffet-internazionale-hotel-europa-selva-val-gardena-alto-adige-piste-da-sci-famiglie-dolomiti-sport-invernali-estivi-mountain-bike-sciare-montagna-last-minute-shopping22-600x338.jpg 600w, https:\/\/www.europavalgardena.com\/wp-content\/uploads\/colazione-buffet-internazionale-hotel-europa-selva-val-gardena-alto-adige-piste-da-sci-famiglie-dolomiti-sport-invernali-estivi-mountain-bike-sciare-montagna-last-minute-shopping22-768x432.jpg 768w, https:\/\/www.europavalgardena.com\/wp-content\/uploads\/colazione-buffet-internazionale-hotel-europa-selva-val-gardena-alto-adige-piste-da-sci-famiglie-dolomiti-sport-invernali-estivi-mountain-bike-sciare-montagna-last-minute-shopping22-800x450.jpg 800w, https:\/\/www.europavalgardena.com\/wp-content\/uploads\/colazione-buffet-internazionale-hotel-europa-selva-val-gardena-alto-adige-piste-da-sci-famiglie-dolomiti-sport-invernali-estivi-mountain-bike-sciare-montagna-last-minute-shopping22-1024x576.jpg 1024w, https:\/\/www.europavalgardena.com\/wp-content\/uploads\/colazione-buffet-internazionale-hotel-europa-selva-val-gardena-alto-adige-piste-da-sci-famiglie-dolomiti-sport-invernali-estivi-mountain-bike-sciare-montagna-last-minute-shopping22-1200x675.jpg 1200w, https:\/\/www.europavalgardena.com\/wp-content\/uploads\/colazione-buffet-internazionale-hotel-europa-selva-val-gardena-alto-adige-piste-da-sci-famiglie-dolomiti-sport-invernali-estivi-mountain-bike-sciare-montagna-last-minute-shopping22-1536x864.jpg 1536w, https:\/\/www.europavalgardena.com\/wp-content\/uploads\/colazione-buffet-internazionale-hotel-europa-selva-val-gardena-alto-adige-piste-da-sci-famiglie-dolomiti-sport-invernali-estivi-mountain-bike-sciare-montagna-last-minute-shopping22.jpg 2560w\" data-sizes=\"auto\" \/><\/div><\/div><\/div><div class=\"swiper-slide\"><div class=\"fusion-carousel-item-wrapper\"><div class=\"fusion-image-wrapper hover-type-none\"><img decoding=\"async\" width=\"2560\" height=\"1440\" src=\"https:\/\/www.europavalgardena.com\/wp-content\/uploads\/colazione-buffet-internazionale-hotel-europa-selva-val-gardena-alto-adige-piste-da-sci-famiglie-dolomiti-sport-invernali-estivi-mountain-bike-sciare-montagna-last-minute-shopping23.jpg\" class=\"attachment-full size-full lazyload\" alt=\"\" srcset=\"data:image\/svg+xml,%3Csvg%20xmlns%3D%27http%3A%2F%2Fwww.w3.org%2F2000%2Fsvg%27%20width%3D%272560%27%20height%3D%271440%27%20viewBox%3D%270%200%202560%201440%27%3E%3Crect%20width%3D%272560%27%20height%3D%271440%27%20fill-opacity%3D%220%22%2F%3E%3C%2Fsvg%3E\" data-orig-src=\"https:\/\/www.europavalgardena.com\/wp-content\/uploads\/colazione-buffet-internazionale-hotel-europa-selva-val-gardena-alto-adige-piste-da-sci-famiglie-dolomiti-sport-invernali-estivi-mountain-bike-sciare-montagna-last-minute-shopping23.jpg\" data-srcset=\"https:\/\/www.europavalgardena.com\/wp-content\/uploads\/colazione-buffet-internazionale-hotel-europa-selva-val-gardena-alto-adige-piste-da-sci-famiglie-dolomiti-sport-invernali-estivi-mountain-bike-sciare-montagna-last-minute-shopping23-200x113.jpg 200w, https:\/\/www.europavalgardena.com\/wp-content\/uploads\/colazione-buffet-internazionale-hotel-europa-selva-val-gardena-alto-adige-piste-da-sci-famiglie-dolomiti-sport-invernali-estivi-mountain-bike-sciare-montagna-last-minute-shopping23-300x169.jpg 300w, https:\/\/www.europavalgardena.com\/wp-content\/uploads\/colazione-buffet-internazionale-hotel-europa-selva-val-gardena-alto-adige-piste-da-sci-famiglie-dolomiti-sport-invernali-estivi-mountain-bike-sciare-montagna-last-minute-shopping23-400x225.jpg 400w, https:\/\/www.europavalgardena.com\/wp-content\/uploads\/colazione-buffet-internazionale-hotel-europa-selva-val-gardena-alto-adige-piste-da-sci-famiglie-dolomiti-sport-invernali-estivi-mountain-bike-sciare-montagna-last-minute-shopping23-600x338.jpg 600w, https:\/\/www.europavalgardena.com\/wp-content\/uploads\/colazione-buffet-internazionale-hotel-europa-selva-val-gardena-alto-adige-piste-da-sci-famiglie-dolomiti-sport-invernali-estivi-mountain-bike-sciare-montagna-last-minute-shopping23-768x432.jpg 768w, https:\/\/www.europavalgardena.com\/wp-content\/uploads\/colazione-buffet-internazionale-hotel-europa-selva-val-gardena-alto-adige-piste-da-sci-famiglie-dolomiti-sport-invernali-estivi-mountain-bike-sciare-montagna-last-minute-shopping23-800x450.jpg 800w, https:\/\/www.europavalgardena.com\/wp-content\/uploads\/colazione-buffet-internazionale-hotel-europa-selva-val-gardena-alto-adige-piste-da-sci-famiglie-dolomiti-sport-invernali-estivi-mountain-bike-sciare-montagna-last-minute-shopping23-1024x576.jpg 1024w, https:\/\/www.europavalgardena.com\/wp-content\/uploads\/colazione-buffet-internazionale-hotel-europa-selva-val-gardena-alto-adige-piste-da-sci-famiglie-dolomiti-sport-invernali-estivi-mountain-bike-sciare-montagna-last-minute-shopping23-1200x675.jpg 1200w, https:\/\/www.europavalgardena.com\/wp-content\/uploads\/colazione-buffet-internazionale-hotel-europa-selva-val-gardena-alto-adige-piste-da-sci-famiglie-dolomiti-sport-invernali-estivi-mountain-bike-sciare-montagna-last-minute-shopping23-1536x864.jpg 1536w, https:\/\/www.europavalgardena.com\/wp-content\/uploads\/colazione-buffet-internazionale-hotel-europa-selva-val-gardena-alto-adige-piste-da-sci-famiglie-dolomiti-sport-invernali-estivi-mountain-bike-sciare-montagna-last-minute-shopping23.jpg 2560w\" data-sizes=\"auto\" \/><\/div><\/div><\/div><\/div><div class=\"awb-swiper-button awb-swiper-button-prev\"><i class=\"awb-icon-angle-left\" aria-hidden=\"true\"><\/i><\/div><div class=\"awb-swiper-button awb-swiper-button-next\"><i class=\"awb-icon-angle-right\" aria-hidden=\"true\"><\/i><\/div><\/div><\/div><\/div><\/div><div class=\"fusion-layout-column fusion_builder_column fusion-builder-column-3 fusion_builder_column_1_1 1_1 fusion-flex-column fusion-animated\" style=\"--awb-bg-position:right bottom;--awb-bg-blend:overlay;--awb-bg-size:cover;--awb-width-large:100%;--awb-margin-top-large:0px;--awb-spacing-right-large:1.92%;--awb-margin-bottom-large:20px;--awb-spacing-left-large:1.92%;--awb-width-medium:100%;--awb-order-medium:0;--awb-spacing-right-medium:1.92%;--awb-spacing-left-medium:1.92%;--awb-width-small:100%;--awb-order-small:0;--awb-spacing-right-small:1.92%;--awb-margin-bottom-small:30p40px;--awb-spacing-left-small:1.92%;\" data-animationType=\"fadeInRight\" data-animationDuration=\"5.0\" data-animationOffset=\"top-into-view\" data-scroll-devices=\"small-visibility,medium-visibility,large-visibility\"><div class=\"fusion-column-wrapper fusion-column-has-shadow fusion-flex-justify-content-flex-start fusion-content-layout-column\"><div class=\"fusion-text fusion-text-3\"><p><strong>Internationales Buffet<\/strong><\/p>\n<p>Unser internationales Buffet ist darauf ausgelegt, die anspruchsvollsten Gaumen zu befriedigen und alle kulinarischen Vorlieben zu erf\u00fcllen. Wir bieten eine breite Auswahl an Speisen, die von den Klassikern des kontinentalen Fr\u00fchst\u00fccks bis zu typischen Gerichten traditioneller Fr\u00fchst\u00fccke reicht.<\/p>\n<ul>\n<li><strong>Brot und Geb\u00e4ck<\/strong>: Eine Vielzahl von frischem Brot, frisch gebackenen Croissants, Muffins, hausgemachten Kuchen und Keksen, perfekt zu einer Tasse Kaffee oder Tee.<\/li>\n<li><strong>M\u00fcsli und Milchprodukte<\/strong>: Eine Auswahl an Cerealien, M\u00fcsli, Natur- und Fruchtjoghurt, frischer Milch und pflanzlichen Getr\u00e4nken.<\/li>\n<li><strong>Frisches Obst und S\u00e4fte<\/strong>: Saisonale Fr\u00fcchte, geschnitten und serviert, frische Fruchts\u00e4fte und frisch gepresste S\u00e4fte.<\/li>\n<li><strong>Aufschnitt und K\u00e4se<\/strong>: Eine Auswahl an Wurstwaren, lokalen und internationalen K\u00e4sesorten, perfekt f\u00fcr einen herzhaften Start in den Tag.<\/li>\n<li><strong>Warme Gerichte<\/strong>: Eier in verschiedenen Zubereitungsarten (R\u00fchrei, weichgekocht, Spiegelei), knuspriger Speck, W\u00fcrstchen, sautierte Pilze und gegrilltes Gem\u00fcse.<\/li>\n<\/ul>\n<p><strong>Personalisierte Optionen<\/strong><\/p>\n<p>Im Hotel Europa verstehen wir die Bedeutung der Erf\u00fcllung spezifischer Ern\u00e4hrungsbed\u00fcrfnisse unserer G\u00e4ste. Deshalb bieten wir auch Optionen f\u00fcr besondere Di\u00e4ten an, darunter:<\/p>\n<ul>\n<li><strong>Vegane und Vegetarische Gerichte<\/strong>: Eine Auswahl an Gerichten mit frischem Gem\u00fcse, H\u00fclsenfr\u00fcchten und pflanzlichen Proteinquellen.<\/li>\n<li><strong>Glutenfreie Optionen<\/strong>: Glutenfreie Backwaren und Cerealien f\u00fcr diejenigen, die Unvertr\u00e4glichkeiten haben oder Gluten vermeiden m\u00f6chten.<\/li>\n<\/ul>\n<p><strong>Gem\u00fctliches Ambiente und tadelloser Service<\/strong><\/p>\n<p>Unser Fr\u00fchst\u00fccksraum ist ein einladender und heller Ort, an dem Sie Ihre Mahlzeit in v\u00f6lliger Entspannung und mit Blick auf die Skipisten genie\u00dfen k\u00f6nnen. Unser aufmerksames und freundliches Personal steht Ihnen jederzeit zur Verf\u00fcgung, um Ihnen zu helfen und alle Ihre W\u00fcnsche zu erf\u00fcllen, und sorgt f\u00fcr einen tadellosen Service.<\/p>\n<p><strong>Ein Moment des Genusses<\/strong><\/p>\n<p>Im Hotel Europa glauben wir, dass das Fr\u00fchst\u00fcck viel mehr ist als nur eine Mahlzeit: Es ist ein Moment des Genusses, eine erholsame Pause, bevor Sie Ihre Aktivit\u00e4ten beginnen. Wir laden Sie ein, unser Angebot zu entdecken und sich von den Aromen und der Qualit\u00e4t unserer Zubereitungen verw\u00f6hnen zu lassen. Wir sind sicher, dass unser Fr\u00fchst\u00fcck Ihren Aufenthalt noch angenehmer und unvergesslicher machen wird.<\/p>\n<\/div><\/div><\/div><\/div><\/div><\/p>\n","protected":false},"excerpt":{"rendered":"","protected":false},"author":1,"featured_media":0,"parent":0,"menu_order":0,"comment_status":"closed","ping_status":"closed","template":"100-width.php","meta":{"footnotes":""},"class_list":["post-2766","page","type-page","status-publish","hentry"],"yoast_head":"<!-- This site is optimized with the Yoast SEO plugin v25.1 - https:\/\/yoast.com\/wordpress\/plugins\/seo\/ -->\n<title>Fr\u00fchst\u00fcck in Wolkenstein in Gr\u00f6den | Entdecken Sie unser Buffet in den Dolomiten Hotel Europa Val Gardena<\/title>\n<meta name=\"description\" content=\"Genie\u00dfen Sie ein reichhaltiges Fr\u00fchst\u00fccksbuffet in Wolkenstein in Gr\u00f6den. Ge\u00f6ffnet f\u00fcr alle, bietet unser Restaurant frische lokale Produkte mit einem atemberaubenden Blick auf die Dolomiten.\" \/>\n<meta name=\"robots\" content=\"index, follow, max-snippet:-1, max-image-preview:large, max-video-preview:-1\" \/>\n<link rel=\"canonical\" href=\"https:\/\/www.europavalgardena.com\/de\/fruehstueck\" \/>\n<meta property=\"og:locale\" content=\"de_DE\" \/>\n<meta property=\"og:type\" content=\"article\" \/>\n<meta property=\"og:title\" content=\"Fr\u00fchst\u00fcck in Wolkenstein in Gr\u00f6den | Entdecken Sie unser Buffet in den Dolomiten Hotel Europa Val Gardena\" \/>\n<meta property=\"og:description\" content=\"Genie\u00dfen Sie ein reichhaltiges Fr\u00fchst\u00fccksbuffet in Wolkenstein in Gr\u00f6den. Ge\u00f6ffnet f\u00fcr alle, bietet unser Restaurant frische lokale Produkte mit einem atemberaubenden Blick auf die Dolomiten.\" \/>\n<meta property=\"og:url\" content=\"https:\/\/www.europavalgardena.com\/de\/fruehstueck\" \/>\n<meta property=\"og:site_name\" content=\"Hotel Europa Val Gardena\" \/>\n<meta property=\"article:modified_time\" content=\"2024-09-30T17:16:10+00:00\" \/>\n<meta name=\"twitter:card\" content=\"summary_large_image\" \/>\n<meta name=\"twitter:label1\" content=\"Gesch\u00e4tzte Lesezeit\" \/>\n\t<meta name=\"twitter:data1\" content=\"3\u00a0Minuten\" \/>\n<script type=\"application\/ld+json\" class=\"yoast-schema-graph\">{\"@context\":\"https:\/\/schema.org\",\"@graph\":[{\"@type\":\"WebPage\",\"@id\":\"https:\/\/www.europavalgardena.com\/de\/fruehstueck\",\"url\":\"https:\/\/www.europavalgardena.com\/de\/fruehstueck\",\"name\":\"Fr\u00fchst\u00fcck in Wolkenstein in Gr\u00f6den | Entdecken Sie unser Buffet in den Dolomiten Hotel Europa Val Gardena\",\"isPartOf\":{\"@id\":\"https:\/\/www.europavalgardena.com\/de#website\"},\"datePublished\":\"2024-07-31T17:25:04+00:00\",\"dateModified\":\"2024-09-30T17:16:10+00:00\",\"description\":\"Genie\u00dfen Sie ein reichhaltiges Fr\u00fchst\u00fccksbuffet in Wolkenstein in Gr\u00f6den. Ge\u00f6ffnet f\u00fcr alle, bietet unser Restaurant frische lokale Produkte mit einem atemberaubenden Blick auf die Dolomiten.\",\"breadcrumb\":{\"@id\":\"https:\/\/www.europavalgardena.com\/de\/fruehstueck#breadcrumb\"},\"inLanguage\":\"de\",\"potentialAction\":[{\"@type\":\"ReadAction\",\"target\":[\"https:\/\/www.europavalgardena.com\/de\/fruehstueck\"]}]},{\"@type\":\"BreadcrumbList\",\"@id\":\"https:\/\/www.europavalgardena.com\/de\/fruehstueck#breadcrumb\",\"itemListElement\":[{\"@type\":\"ListItem\",\"position\":1,\"name\":\"Home\",\"item\":\"https:\/\/www.europavalgardena.com\/de\"},{\"@type\":\"ListItem\",\"position\":2,\"name\":\"Fr\u00fchst\u00fcck\"}]},{\"@type\":\"WebSite\",\"@id\":\"https:\/\/www.europavalgardena.com\/de#website\",\"url\":\"https:\/\/www.europavalgardena.com\/de\",\"name\":\"Hotel Europa Val Gardena\",\"description\":\"\",\"potentialAction\":[{\"@type\":\"SearchAction\",\"target\":{\"@type\":\"EntryPoint\",\"urlTemplate\":\"https:\/\/www.europavalgardena.com\/de?s={search_term_string}\"},\"query-input\":{\"@type\":\"PropertyValueSpecification\",\"valueRequired\":true,\"valueName\":\"search_term_string\"}}],\"inLanguage\":\"de\"}]}<\/script>\n<!-- \/ Yoast SEO plugin. -->","yoast_head_json":{"title":"Fr\u00fchst\u00fcck in Wolkenstein in Gr\u00f6den | Entdecken Sie unser Buffet in den Dolomiten Hotel Europa Val Gardena","description":"Genie\u00dfen Sie ein reichhaltiges Fr\u00fchst\u00fccksbuffet in Wolkenstein in Gr\u00f6den. Ge\u00f6ffnet f\u00fcr alle, bietet unser Restaurant frische lokale Produkte mit einem atemberaubenden Blick auf die Dolomiten.","robots":{"index":"index","follow":"follow","max-snippet":"max-snippet:-1","max-image-preview":"max-image-preview:large","max-video-preview":"max-video-preview:-1"},"canonical":"https:\/\/www.europavalgardena.com\/de\/fruehstueck","og_locale":"de_DE","og_type":"article","og_title":"Fr\u00fchst\u00fcck in Wolkenstein in Gr\u00f6den | Entdecken Sie unser Buffet in den Dolomiten Hotel Europa Val Gardena","og_description":"Genie\u00dfen Sie ein reichhaltiges Fr\u00fchst\u00fccksbuffet in Wolkenstein in Gr\u00f6den. Ge\u00f6ffnet f\u00fcr alle, bietet unser Restaurant frische lokale Produkte mit einem atemberaubenden Blick auf die Dolomiten.","og_url":"https:\/\/www.europavalgardena.com\/de\/fruehstueck","og_site_name":"Hotel Europa Val Gardena","article_modified_time":"2024-09-30T17:16:10+00:00","twitter_card":"summary_large_image","twitter_misc":{"Gesch\u00e4tzte Lesezeit":"3\u00a0Minuten"},"schema":{"@context":"https:\/\/schema.org","@graph":[{"@type":"WebPage","@id":"https:\/\/www.europavalgardena.com\/de\/fruehstueck","url":"https:\/\/www.europavalgardena.com\/de\/fruehstueck","name":"Fr\u00fchst\u00fcck in Wolkenstein in Gr\u00f6den | Entdecken Sie unser Buffet in den Dolomiten Hotel Europa Val Gardena","isPartOf":{"@id":"https:\/\/www.europavalgardena.com\/de#website"},"datePublished":"2024-07-31T17:25:04+00:00","dateModified":"2024-09-30T17:16:10+00:00","description":"Genie\u00dfen Sie ein reichhaltiges Fr\u00fchst\u00fccksbuffet in Wolkenstein in Gr\u00f6den. Ge\u00f6ffnet f\u00fcr alle, bietet unser Restaurant frische lokale Produkte mit einem atemberaubenden Blick auf die Dolomiten.","breadcrumb":{"@id":"https:\/\/www.europavalgardena.com\/de\/fruehstueck#breadcrumb"},"inLanguage":"de","potentialAction":[{"@type":"ReadAction","target":["https:\/\/www.europavalgardena.com\/de\/fruehstueck"]}]},{"@type":"BreadcrumbList","@id":"https:\/\/www.europavalgardena.com\/de\/fruehstueck#breadcrumb","itemListElement":[{"@type":"ListItem","position":1,"name":"Home","item":"https:\/\/www.europavalgardena.com\/de"},{"@type":"ListItem","position":2,"name":"Fr\u00fchst\u00fcck"}]},{"@type":"WebSite","@id":"https:\/\/www.europavalgardena.com\/de#website","url":"https:\/\/www.europavalgardena.com\/de","name":"Hotel Europa Val Gardena","description":"","potentialAction":[{"@type":"SearchAction","target":{"@type":"EntryPoint","urlTemplate":"https:\/\/www.europavalgardena.com\/de?s={search_term_string}"},"query-input":{"@type":"PropertyValueSpecification","valueRequired":true,"valueName":"search_term_string"}}],"inLanguage":"de"}]}},"_links":{"self":[{"href":"https:\/\/www.europavalgardena.com\/de\/wp-json\/wp\/v2\/pages\/2766","targetHints":{"allow":["GET"]}}],"collection":[{"href":"https:\/\/www.europavalgardena.com\/de\/wp-json\/wp\/v2\/pages"}],"about":[{"href":"https:\/\/www.europavalgardena.com\/de\/wp-json\/wp\/v2\/types\/page"}],"author":[{"embeddable":true,"href":"https:\/\/www.europavalgardena.com\/de\/wp-json\/wp\/v2\/users\/1"}],"replies":[{"embeddable":true,"href":"https:\/\/www.europavalgardena.com\/de\/wp-json\/wp\/v2\/comments?post=2766"}],"version-history":[{"count":3,"href":"https:\/\/www.europavalgardena.com\/de\/wp-json\/wp\/v2\/pages\/2766\/revisions"}],"predecessor-version":[{"id":2936,"href":"https:\/\/www.europavalgardena.com\/de\/wp-json\/wp\/v2\/pages\/2766\/revisions\/2936"}],"wp:attachment":[{"href":"https:\/\/www.europavalgardena.com\/de\/wp-json\/wp\/v2\/media?parent=2766"}],"curies":[{"name":"wp","href":"https:\/\/api.w.org\/{rel}","templated":true}]}}